{"id":308,"date":"2018-07-05T09:16:33","date_gmt":"2018-07-05T09:16:33","guid":{"rendered":"https:\/\/ledomainedescalines.fr\/gite\/?post_type=product&#038;p=308"},"modified":"2023-09-04T14:45:04","modified_gmt":"2023-09-04T12:45:04","slug":"lhortense","status":"publish","type":"product","link":"https:\/\/ledomainedescalines.fr\/gite\/produit\/lhortense\/","title":{"rendered":"L&rsquo;Hortense"},"content":{"rendered":"<ul>\n<li>Au rez-de-chauss\u00e9e :\u00a0 G\u00e9n\u00e9reux hall d&rsquo;entr\u00e9e desservant \u00e0 droite la cuisine \u00e9quip\u00e9e ( frigidaire \/ lave-vaisselle ) et sur la gauche le salon avec son canap\u00e9 convertible<\/li>\n<li>A l&rsquo;\u00e9tage, desservi par une joli passerelle : 2 chambres avec douche et bain<\/li>\n<li>Sur la terrasse arri\u00e8re, vous pourrez profiter du jacuzzi install\u00e9 sous la pergola bioclimatique.<\/li>\n<li>Barbecue et son n\u00e9cessaire<\/li>\n<li>Parking proche \u00e0 l&rsquo;int\u00e9rieur du Domaine ( possibilit\u00e9 de prise 220v pour votre v\u00e9hicule \u00e9lectrique) . Camionnette autoris\u00e9e<\/li>\n<li>N\u00e9cessaire de linge et toilette fourni<\/li>\n<li>M\u00e9nage compris &#8211; Merci\u00a0 de respecter les lieux.<\/li>\n<\/ul>\n","protected":false},"excerpt":{"rendered":"<p><span style=\"font-size: 14px;\">\u00e0 partir de : <\/span><span style=\"font-size: 22px;\">300\u20ac<\/span> <span style=\"font-size: 14px; padding-left: 30px;\">La nuit suppl\u00e9mentaire : <\/span><span style=\"font-size: 22px;\"> + 70\u20ac<\/span><\/p>\n<p>Luxueux g\u00eete 4 \u00e0 6 personnes, install\u00e9 dans une ancienne grange b\u00e2tie \u00e0 l&rsquo;entr\u00e9e de notre propri\u00e9t\u00e9. Laissez vous tenter par son confort et l&rsquo;agr\u00e9able spa install\u00e9 sous la pergola bioclimatique.<br \/>\nEnti\u00e8rement \u00e9quip\u00e9, vous y d\u00e9couvrirez tout le confort n\u00e9cessaire afin d&rsquo;y passer un tr\u00e8s agr\u00e9able moment. Acc\u00e8s au parc et \u00e0 la piscine. Possibilit\u00e9 de r\u00e9server la suite attenante pour y loger \u00e0 8 personnes.<\/p>\n<p>&nbsp;<\/p>\n","protected":false},"featured_media":2365,"template":"","meta":[],"product_cat":[515],"product_tag":[],"yst_prominent_words":[],"_links":{"self":[{"href":"https:\/\/ledomainedescalines.fr\/gite\/wp-json\/wp\/v2\/product\/308"}],"collection":[{"href":"https:\/\/ledomainedescalines.fr\/gite\/wp-json\/wp\/v2\/product"}],"about":[{"href":"https:\/\/ledomainedescalines.fr\/gite\/wp-json\/wp\/v2\/types\/product"}],"wp:featuredmedia":[{"embeddable":true,"href":"https:\/\/ledomainedescalines.fr\/gite\/wp-json\/wp\/v2\/media\/2365"}],"wp:attachment":[{"href":"https:\/\/ledomainedescalines.fr\/gite\/wp-json\/wp\/v2\/media?parent=308"}],"wp:term":[{"taxonomy":"product_cat","embeddable":true,"href":"https:\/\/ledomainedescalines.fr\/gite\/wp-json\/wp\/v2\/product_cat?post=308"},{"taxonomy":"product_tag","embeddable":true,"href":"https:\/\/ledomainedescalines.fr\/gite\/wp-json\/wp\/v2\/product_tag?post=308"},{"taxonomy":"yst_prominent_words","embeddable":true,"href":"https:\/\/ledomainedescalines.fr\/gite\/wp-json\/wp\/v2\/yst_prominent_words?post=308"}],"curies":[{"name":"wp","href":"https:\/\/api.w.org\/{rel}","templated":true}]}}